{"version":"1.0","provider_name":"Centre for Baltic and Scandinavian Archaeology (ZBSA)","provider_url":"https:\/\/zbsa.eu\/en","author_name":"Matthias Bolte","author_url":"https:\/\/zbsa.eu\/en\/author\/matthias-bolte\/","title":"PD Dr. phil. Jens Schneewei\u00df - Zentrum f\u00fcr Baltische und Skandinavische Arch\u00e4ologie (ZBSA) \u2014 Zentrum f\u00fcr Baltische und Skandinavische Arch\u00e4ologie","type":"rich","width":600,"height":338,"html":"<blockquote class=\"wp-embedded-content\" data-secret=\"MDQR3sZ7jT\"><a href=\"https:\/\/zbsa.eu\/en\/jens-schneeweiss\/\">PD Dr. phil. Jens Schneewei\u00df<\/a><\/blockquote><iframe sandbox=\"allow-scripts\" security=\"restricted\" src=\"https:\/\/zbsa.eu\/en\/jens-schneeweiss\/embed\/#?secret=MDQR3sZ7jT\" width=\"600\" height=\"338\" title=\"&#8220;PD Dr. phil. Jens Schneewei\u00df&#8221; &#8212; Zentrum f\u00fcr Baltische und Skandinavische Arch\u00e4ologie (ZBSA) \u2014 Zentrum f\u00fcr Baltische und Skandinavische Arch\u00e4ologie\" data-secret=\"MDQR3sZ7jT\" frameborder=\"0\" marginwidth=\"0\" marginheight=\"0\" scrolling=\"no\" class=\"wp-embedded-content\"><\/iframe><script type=\"text\/javascript\">\n\/* <![CDATA[ *\/\n\/*! This file is auto-generated *\/\n!function(d,l){\"use strict\";l.querySelector&&d.addEventListener&&\"undefined\"!=typeof URL&&(d.wp=d.wp||{},d.wp.receiveEmbedMessage||(d.wp.receiveEmbedMessage=function(e){var t=e.data;if((t||t.secret||t.message||t.value)&&!\/[^a-zA-Z0-9]\/.test(t.secret)){for(var s,r,n,a=l.querySelectorAll('iframe[data-secret=\"'+t.secret+'\"]'),o=l.querySelectorAll('blockquote[data-secret=\"'+t.secret+'\"]'),c=new RegExp(\"^https?:$\",\"i\"),i=0;i<o.length;i++)o[i].style.display=\"none\";for(i=0;i<a.length;i++)s=a[i],e.source===s.contentWindow&&(s.removeAttribute(\"style\"),\"height\"===t.message?(1e3<(r=parseInt(t.value,10))?r=1e3:~~r<200&&(r=200),s.height=r):\"link\"===t.message&&(r=new URL(s.getAttribute(\"src\")),n=new URL(t.value),c.test(n.protocol))&&n.host===r.host&&l.activeElement===s&&(d.top.location.href=t.value))}},d.addEventListener(\"message\",d.wp.receiveEmbedMessage,!1),l.addEventListener(\"DOMContentLoaded\",function(){for(var e,t,s=l.querySelectorAll(\"iframe.wp-embedded-content\"),r=0;r<s.length;r++)(t=(e=s[r]).getAttribute(\"data-secret\"))||(t=Math.random().toString(36).substring(2,12),e.src+=\"#?secret=\"+t,e.setAttribute(\"data-secret\",t)),e.contentWindow.postMessage({message:\"ready\",secret:t},\"*\")},!1)))}(window,document);\n\/\/# sourceURL=https:\/\/zbsa.eu\/wp-includes\/js\/wp-embed.min.js\n\/* ]]> *\/\n<\/script>","description":"E-Mail: jens.schneeweiss@zbsa.eu \u2022 Telefon: +49\/(0)4621\/813 \u2013 483 \u2022 Fax: +49\/(0)4621\/813 \u2013 535 Vita Geboren am 24.12.1969 in Berlin. 1990 bis 1993 Studium der Humanmedizin in Berlin und St. Petersburg. 1993 bis 2000 Studium der der Ur- und Fr\u00fchgeschichte, Klassischen Arch\u00e4ologie, Europ\u00e4ischen Ethnologie und Geologie an der Humboldt-Universit\u00e4t zu Berlin und an der Technischen Universit\u00e4t Berlin. Magister Artium zum Thema: &#8222;Der Werder zwischen Altentreptow-Friedland-Neubrandenburg vom 6. Jh. v. Chr. bis zum 13. Jh. n. Chr.\u201c (Betreuer: Achim Leube, Eike Gringmuth-Dallmer). 2000 bis 2004 wissenschaftlicher Mitarbeiter an der Eurasien-Abteilung und dem Skythenreferat des Deutschen Arch\u00e4ologischen Instituts in Berlin. 2004 Promotion zum Thema &#8222;Die Siedlung \u010ci\u010da in der westsibirischen Waldsteppe. Untersuchungen zur Keramik, Chronologie und kulturellen Stellung in der Sp\u00e4tbronzezeit und der \u00dcbergangsperiode zur fr\u00fchen Eisenzeit&#8220; an der Humboldt-Universit\u00e4t zu Berlin (Betreuer: Johan Callmer, Hermann Parzinger). 2005 bis 2010 wissenschaftlicher Mitarbeiter an der Universit\u00e4t G\u00f6ttingen im DFG-Projekt \u201eSlawen an der unteren Mittelelbe\u201c. Von Mai bis Oktober 2010 Forschungsstipendiat des DAAD und der MSH am Centre de recherches arch\u00e9ologiques et historiques anciennes et m\u00e9di\u00e9vales (Centre Michel de Bo\u00fcard) der Universit\u00e9 de Caen Basse-Normandie zum Thema: &#8222;Grenzen, R\u00e4ume und Kulturtransfer zwischen Normandie und Novgorod zur Wikingerzeit&#8220;. 2010 bis 2014 wissenschaftlicher Mitarbeiter und Kustos der Lehrsammlung des Seminars f\u00fcr Ur- und Fr\u00fchgeschichte der Universit\u00e4t G\u00f6ttingen. Zwischen 2015 und 2017 (insgesamt 18 Monate) Feodor Lynen Forschungsstipendiat der Alexander von Humbodt-Stiftung am Institut f\u00fcr die Geschichte der Materiellen Kultur der Russischen Akademie der Wissenschaften St. Petersburg zum Thema: &#8222;Siedlungs- und Landschaftsarch\u00e4ologie in der osteurop\u00e4ischen Waldzone im 1. Jahrtausend n. Chr.&#8220;. November 2017 bis Oktober 2018 wissenschaftlicher Mitarbeiter am Leibniz-Institut f\u00fcr Geschichte und Kultur des \u00f6stlichen Europa (GWZO) in Leipzig. Seit Oktober 2019 wissenschaftlicher Mitarbeiter im Exzellenzcluster ROOTS an der CAU Kiel und am ZBSA in Schleswig. 2019 Habilitation an der Philosophischen Fakult\u00e4t der Georg-August-Universit\u00e4t G\u00f6ttingen. Thema der Habilitationsschrift: &#8222;Zwischen den Welten. Arch\u00e4ologie einer europ\u00e4ischen Grenzregion zwischen Sachsen, Slawen, Franken und D\u00e4nen&#8220;. Venia legendi f\u00fcr das Fach Ur- und Fr\u00fchgeschichte. Arbeitsschwerpunkte Arch\u00e4ologie der Wikingerzeit und des slawischen Mittelalters im n\u00f6rdlichen Europa Burgwallforschung im \u00f6stlichen Ostseeraum Die osteurop\u00e4ische Waldzone in Eisenzeit und Fr\u00fchmittelalter (Siedlungs-, Wirtschafts- und Landschaftsgeschichte) Bronze- und Eisenzeit Sibiriens und Innerasiens Weitere Forschungsfelder und -interessen Siedlungs- und Landschaftsarch\u00e4ologie (Methodik) Subsistenzwirtschaft und Abfallmanagement vorindustrieller Gesellschaften Vorgewerbliche Siedlungskeramik: Produktion, Gebrauchsanalyse, Funktionsebenen Genese von Anthrosolen \/ Kulturschichten, arch\u00e4ologische Taphonomie Soziale Funktion von Mobilit\u00e4t, Identit\u00e4tsforschung \u201eZeitgeist\u201c und Kulturtransfer Physikalische und statistische Datierungsmethoden Publikationen (Auswahl) Monographien\/B\u00fccher Zwischen den Welten. Arch\u00e4ologie einer europ\u00e4ischen Grenzregion zwischen Sachsen, Slawen, Franken und D\u00e4nen. G\u00f6ttinger Schriften zur Vor- und Fr\u00fchgeschichte 36. Wachholtz-Verlag (Kiel\/Hamburg 2020) Arch\u00e4ologische Streiflichter vom H\u00f6hbeck zum 1200. Jahrestag seiner Ersterw\u00e4hnung. Von den Anf\u00e4ngen bis ins Mittelalter (L\u00fcneburg 2010).\u2022\u00a0\u00a0\u00a0 Die Siedlung \u010ci\u010da in der westsibirischen Waldsteppe I. Untersuchungen zur Keramik, Chronologie und kulturellen Stellung in der Sp\u00e4tbronzezeit und der \u00dcbergangsperiode zur fr\u00fchen Eisenzeit. Arch\u00e4ologie in Eurasien 22 (Mainz 2007).\u2022\u00a0\u00a0\u00a0 Der Werder zwischen Altentreptow-Friedland-Neubrandenburg vom 6. Jh. vor bis zum 13. Jh. n. Chr. Siedlungsarch\u00e4ologische Untersuchungen einer Kleinlandschaft in Nordostdeutschland (= Universit\u00e4tsforschungen zur Pr\u00e4historischen Arch\u00e4ologie 102), (Bonn 2003). mit Autorenkollektiv mit V.I. Molodin, H. Parzinger u. a., \u010ci\u010da \u2013 eine befestigte Ansiedlung der \u00dcbergangsperiode von der Sp\u00e4tbronze- zur Fr\u00fcheisenzeit in der Barabinsker Waldsteppe. Teil 1 (Novosibirsk 2001). Teil 2 (Novosibirsk-Berlin 2004). Teil 3 (Novosibirsk-Berlin 2009). Herausgeberschaft mit I. Heske und H.-J. N\u00fcsse, \u201eLandschaft, Besiedlung und Siedlung\u201c. Arch\u00e4ologische Studien im nordeurop\u00e4ischen Kontext. Festschrift f\u00fcr Karl-Heinz Willroth zu seinem 65. Geburtstag. G\u00f6ttinger Schriften zur Vor- und Fr\u00fchgeschichte 33 (Neum\u00fcnster-Hamburg 2013). mit K.-H. Willroth, H.-J. Beug, F. L\u00fcth, F. Schopper, S. Messal, Slawen an der unteren Mittelelbe. Untersuchungen zur l\u00e4ndlichen Besiedlung, zum Burgenbau, zu Besiedlungsstrukturen und zum Landschaftswandel. Beitr\u00e4ge zum Kolloquium vom 7.-9. April 2010 in Frankfurt a. M. Fr\u00fchmittelalterliche Arch\u00e4ologie zwischen Ostsee und Mittelmeer 4 (Wiesbaden 2013). mit K.-H. Willroth, Slawen an der Elbe. G\u00f6ttinger Forschungen zur Ur- und Fr\u00fchgeschichte 1 (G\u00f6ttingen 2011). mit G.H. Jeute und C. Theune, aedificatio terrae. Beitr\u00e4ge zur Umwelt- und Siedlungsarch\u00e4ologie Mitteleuropas. Festschrift f\u00fcr Eike Gringmuth-Dallmer zum 65. Geburtstag, Studia honoraria 26 (Rahden \/ Westfalen 2007). \u00a0 Buchbeitr\u00e4ge mit H. J\u00f6ns, E. Gringmuth-Dallmer, S. Messal, Die Slawen. Nachbarn m\u00e4chtiger Reiche. In: E. B\u00e1nffy, K. P. Hofmann, P. Rummel (Hrsg.), Spuren des Menschen. 800000 Jahre Geschichte in Europa (Stuttgart 2019) 342\u2013367. Menschen im Sumpf. In: E. B\u00e1nffy, K. P. Hofmann, P. Rummel (Hrsg.), Spuren des Menschen. 800000 Jahre Geschichte in Europa (Stuttgart 2019) 344. Wo lag Schezla? Ein vergessener Grenzort des fr\u00fchen 9. Jahrhunderts. In: B. Ludowici (Hrsg.), Saxones. Neue Studien zur Sachsenforschung 7 (Darmstadt 2019) 287\u2013289. \u041a\u0430\u043a \u0438\u0441\u0442\u043e\u0440\u0438\u0447\u0435\u0441\u043a\u0438\u0435 \u0434\u0430\u0442\u044b \u043c\u043e\u0433\u0443\u0442 \u0432\u043b\u0438\u044f\u0442\u044c \u043d\u0430 \u0430\u0440\u0445\u0435\u043e\u043b\u043e\u0433\u0438\u0447\u0435\u0441\u043a\u043e\u0435 \u0438\u0441\u0441\u043b\u0435\u0434\u043e\u0432\u0430\u043d\u0438\u0435 (\u0442\u0440\u0438 \u043a\u043b\u044e\u0447\u0435\u0432\u044b\u0435 \u0434\u0430\u0442\u044b \u044d\u043f\u043e\u0445\u0438 \u0432\u0438\u043a\u0438\u043d\u0433\u043e\u0432: 793 \u0433., 862 \u0433. \u0438 929 \u0433.) \/ How historical dates can affect archaeological research (the Viking Age examples of 793 AD, 862 AD and 929 AD). In: M. T. Kashuba, E. Kaiser (Hrsg.), Principles and Methods of Dating in Archaeology (Neolithic \u2013 Middle Ages) (St. Petersburg 2018) 206\u2013232. \u0420\u0430\u043d\u043d\u0435\u0441\u0440\u0435\u0434\u043d\u0435\u0432\u0435\u043a\u043e\u0432\u044b\u0435 \u0433\u043e\u0440\u043e\u0434\u0438\u0449\u0430 \u0441\u0435\u0432\u0435\u0440\u043d\u043e\u0439 \u0413\u0435\u0440\u043c\u0430\u043d\u0438\u0438 [Early medieval strongholds in Northern Germany]. In: \u041d.\u0418. \u041f\u043b\u0430\u0442\u043e\u043d\u043e\u0432\u0430 (Hrsg.), \u00c9lite ou \u00c9galit\u00e9\u2026 \u0421\u0435\u0432\u0435\u0440\u043d\u0430\u044f \u0420\u0443\u0441\u044c \u0438 \u043a\u0443\u043b\u044c\u0442\u0443\u0440\u043d\u044b\u0435 \u0442\u0440\u0430\u043d\u0441\u0444\u043e\u0440\u043c\u0430\u0446\u0438\u0438 \u0432 \u0415\u0432\u0440\u043e\u043f\u0435 VII\u2013XII \u0432\u0432. [Northern Rus&#8216; and cultural transformations in Europe in the 600-1300 A.D.] (St. Petersburg 2017) 198-224. \u041a \u0432\u043e\u043f\u0440\u043e\u0441\u0443 \u043e \u0432\u043b\u0438\u044f\u043d\u0438\u0438 \u0438\u0441\u0442\u043e\u0440\u0438\u0447\u0435\u0441\u043a\u0438\u0445 \u0434\u0430\u0442 \u043d\u0430 \u0430\u0440\u0445\u0435\u043e\u043b\u043e\u0433\u0438\u0447\u0435\u0441\u043a\u043e\u0435 \u0438\u0441\u0441\u043b\u0435\u0434\u043e\u0432\u0430\u043d\u0438\u0435 (\u0442\u0440\u0438 \u043a\u043b\u044e\u0447\u0435\u0432\u044b\u0435 \u0434\u0430\u0442\u044b \u044d\u043f\u043e\u0445\u0438 \u0432\u0438\u043a\u0438\u043d\u0433\u043e\u0432: 793 \u0433., 862 \u0433. \u0438 929 \u0433.) [How historical dates can affect archaeological research (three Viking Age examples: 793 A.D., 862 A.D. and 929 A.D.)]. In: \u041d.\u0418. \u041f\u043b\u0430\u0442\u043e\u043d\u043e\u0432\u0430 (Hrsg.), \u00c9lite ou \u00c9galit\u00e9\u2026 \u0421\u0435\u0432\u0435\u0440\u043d\u0430\u044f \u0420\u0443\u0441\u044c \u0438 \u043a\u0443\u043b\u044c\u0442\u0443\u0440\u043d\u044b\u0435 \u0442\u0440\u0430\u043d\u0441\u0444\u043e\u0440\u043c\u0430\u0446\u0438\u0438 \u0432 \u0415\u0432\u0440\u043e\u043f\u0435 VII\u2013XII \u0432\u0432. [Northern Rus&#8216; and cultural transformations in Europe in the 600-1300 A.D.] (St. Petersburg 2017) 40-68. \u041a\u0435\u0440\u0430\u043c\u0438\u043a\u0430 \u043a\u0430\u043a \u0441\u0432\u0438\u0434\u0435\u0442\u0435\u043b\u044c\u0441\u0442\u0432\u043e \u0438\u0434\u0435\u043d\u0442\u0438\u0447\u043d\u043e\u0441\u0442\u0438 \u0438 \u043a\u0443\u043b\u044c\u0442\u0443\u0440\u043d\u043e\u0433\u043e \u0442\u0440\u0430\u043d\u0441\u0444\u0435\u0440\u0430? \u0421\u0430\u043a\u0441\u043e\u043d\u0441\u043a\u0430\u044f \u0438 \u0441\u043b\u0430\u0432\u044f\u043d\u0441\u043a\u0430\u044f \u043a\u0435\u0440\u0430\u043c\u0438\u043a\u0430 VIII\u2013X \u0432\u0432. \u0432 \u041d\u0438\u0436\u043d\u0435\u043c \u041f\u043e\u044d\u043b\u044c\u0431\u044c\u0435. [Keramik als Zeugnis von Identit\u00e4t und Kulturtransfer? Das Beispiel der s\u00e4chsischen und slawischen Keramik vom 8.-10. Jh. im unteren Elbgebiet] In: \u0415\u0432\u0440\u043e\u043f\u0430 \u043e\u0442 \u041b\u0430\u0442\u0435\u043d\u0430 \u0434\u043e \u0421\u0440\u0435\u0434\u043d\u0435\u0432\u0435\u043a\u043e\u0432\u044c\u044f. \u0412\u0430\u0440\u0432\u0430\u0440\u0441\u043a\u0438\u0439 \u043c\u0438\u0440 \u0438 \u0440\u043e\u0436\u0434\u0435\u043d\u0438\u0435 \u0441\u043b\u0430\u0432\u044f\u043d\u0441\u043a\u0438\u0445 \u043a\u0443\u043b\u044c\u0442\u0443\u0440. \u041a 60-\u043b\u0435\u0442\u0438\u044e \u0410.\u041c. \u041e\u0431\u043b\u043e\u043c\u0441\u043a\u043e\u0433\u043e. \u0420\u0430\u043d\u043d\u0435\u0441\u043b\u0430\u0432\u044f\u043d\u0441\u043a\u0438\u0439 \u043c\u0438\u0440 19 (\u041c\u043e\u0441\u043a\u0432\u0430 2017) 90-102. Aus dem Nichts zur Weltmacht? Die l\u00e4ndliche Besiedlung der Waldzone Nordwestrusslands vor Beginn der Staatlichkeit. Geschichte und Perspektiven der Forschung. In: B. V. Eriksen, A. Abegg-Wigg, R. Bleile, U. Ickerodt (Hrsg.), Interaktion ohne Grenzen. Beispiele arch\u00e4ologischer Forschungen am Beginn des 21. Jahrhunderts. Festschrift f\u00fcr Claus von Carnap-Bornheim zum 60. Geburtstag (Schleswig 2017) 717-730. Identit\u00e4t und Ethnizit\u00e4t im Fr\u00fchmittelalter. Zur Rolle der Arch\u00e4ologie in der aktuellen Diskussion. In: \u0413\u043e\u0440\u043e\u0434\u0430 \u0438 \u0432\u0435\u0441\u0438 \u0441\u0440\u0435\u0434\u043d\u0435\u0432\u0435\u043a\u043e\u0432\u043e\u0439 \u0420\u0443\u0441\u0438: \u0430\u0440\u0445\u0435\u043e\u043b\u043e\u0433\u0438\u044f, \u0438\u0441\u0442\u043e\u0440\u0438\u044f, \u043a\u0443\u043b\u044c\u0442\u0443\u0440\u0430 (\u041coskau 2015) 574-591. Das Kastell hohbuoki und der Ort Schezla an der Elbe. In: R.-M. Weiss\/A. Klammt (Hrsg.), Mythos Hammaburg \u2013 Arch\u00e4ologische Entdeckungen zu den Anf\u00e4ngen Hamburgs. Ver\u00f6ffentlichung des Helms-Museums, Arch\u00e4ologisches Museum Hamburg, Stadtmuseum Harburg 107 (Hamburg 2014) 346\u2013356. Zur Einf\u00fchrung: Slawische und s\u00e4chsische Burgen des 8. bis 10. Jahrhunderts \u2013 Typen, Konstruktionsweise, Funktion. In: R.-M. Weiss\/A. Klammt (Hrsg.), Mythos Hammaburg \u2013 Arch\u00e4ologische Entdeckungen zu den Anf\u00e4ngen Hamburgs. Ver\u00f6ffentlichung des Helms-Museums, Arch\u00e4ologisches Museum Hamburg, Stadtmuseum Harburg 107 (Hamburg 2014) 316-317. \u041e\u0431 \u0438\u0437\u0443\u0447\u0435\u043d\u0438\u0438 \u043f\u043e\u0441\u0435\u043b\u0435\u043d\u0438\u0439 (\u0432\u0437\u0433\u043b\u044f\u0434 \u0438\u0437\u0434\u0430\u043b\u0435\u043a\u0430) [Zur Erforschung von Siedlungen (aus der Fernsicht)]. In: \u0410\u043b\u043a\u0435\u0441\u0430\u043d\u0434\u0440 \u0412\u0430\u0441\u0438\u043b\u044c\u0435\u0432\u0438\u0447 \u041c\u0430\u0442\u0432\u0435\u0435\u0432. \u0421\u0431\u043e\u0440\u043d\u0438\u043a \u043d\u0430\u0443\u0447\u043d\u044b\u0445 \u0442\u0440\u0443\u0434\u043e\u0432 \u0438 \u0432\u043e\u0441\u043f\u043e\u043c\u0438\u043d\u0430\u043d\u0438\u0439 \u043f\u043e\u0441\u0432\u044f\u0449\u0435\u043d \u043f\u0430\u043c\u044f\u0442\u0438 \u0410.\u0412. \u041c\u0430\u0442\u0432\u0435\u0435\u0432\u0430 (\u0422\u044e\u043c\u0435\u043d\u044c 2014) 128-140. Hirschkult bei den Germanen? Die Deponierung von Hirschgeweih und Feuerbock aus Vietze an der Elbe. In: I. Heske, H.-J. N\u00fcsse, J. Schneewei\u00df (Hrsg.), \u201eLandschaft, Besiedlung und Siedlung\u201c. Arch\u00e4ologische Studien im nordeurop\u00e4ischen Kontext. Festschrift f\u00fcr Karl-Heinz Willroth zu seinem 65. Geburtstag. G\u00f6ttinger Schriften zur Vor- und Fr\u00fchgeschichte 33, Neum\u00fcnster-Hamburg 2013, 177-190. In: K.-H. Willroth, H.-J. Beug, F. L\u00fcth, F. Schopper, S. Messal, J. Schneewei\u00df (Hrsg.), Slawen an der unteren Mittelelbe. Untersuchungen zur l\u00e4ndlichen Besiedlung, zum Burgenbau, zu Besiedlungsstrukturen und zum Landschaftswandel. Fr\u00fchmittelalterliche Arch\u00e4ologie zwischen Ostsee und Mittelmeer 4 (Wiesbaden 2013): mit H. J\u00f6ns, Fr\u00fche Slawen \u2013 Einwanderung, fr\u00fcheste Nachweise l\u00e4ndlicher Siedlungen. Einleitung und Diskussion, 35-38. Fr\u00fche Slawen am H\u00f6hbeck, 53-60. Slawenzeitliche Befestigungen am H\u00f6hbeck,79-90. Raumnutzung und Siedlungsgef\u00fcge im Seegem\u00fcndungsgebiet, 117-124. mit H. Kennecke, Schezla \u2013 Hohbuoki \u2013 Lenzen \u2013 Meetschow: Neues zur Ostgrenze des Fr\u00e4n-kischen Reiches, 159-164. Handel und Handwerk in den slawischen Siedlungen am H\u00f6hbeck, 225-230. Sachsen, Franken, Slawen \u2013 zur Geschichte einer Grenzregion an der Elbe. Ein Vorbericht zu den Ausgrabungen des G\u00f6ttinger Seminars f\u00fcr Ur- und Fr\u00fchgeschichte am H\u00f6hbeck. In: K.-H. Willroth, J. Schneewei\u00df (Hrsg.), Slawen an der Elbe. G\u00f6ttinger Forschungen zur Ur- und Fr\u00fchgeschichte 1 (G\u00f6ttingen 2011) 57-102. mit M. Posselt, Die geophysikalischen Prospektionen der Jahre 2005\/2006 am Burgwall von Meet-schow. In: K.-H. Willroth, J. Schneewei\u00df (Hrsg.), Slawen an der Elbe .G\u00f6ttinger Forschungen zur Ur- und Fr\u00fchgeschichte 1 (G\u00f6ttingen 2011) 103-120. Eine Heiligenfibel aus Vietze-H\u00f6hbeck, Lkr. L\u00fcchow-Dannenberg, an der Ostgrenze des Fr\u00e4nkischen Reiches. In: C. Theune, F. Biermann, R. Struwe, G.H. Jeute (Hrsg.), Zwischen Fjorden und Steppe. Festschrift f\u00fcr Johan Callmer (= Internationale Arch\u00e4ologie, Studia honoraria 31), (Rahden\/Westfalen 2010) 251-262. \u201eProtourbane\u201c Siedlungen an der Wende vom 2. zum 1. Jahrtausend v. Chr. in der westsibirischen Waldsteppenzone. In: B. Horejs, T. Kienlin (Hrsg.), Siedlung und Handwerk. Studien zu sozialen Kontexten in der Bronzezeit. Beitr\u00e4ge zu den Sitzungen der AG Bronzezeit 2007 und 2008. Universit\u00e4tsforschungen zur Pr\u00e4historischen Arch\u00e4ologie 194 (Bonn 2010) 157-171. \u041a\u0443\u043b\u044c\u0442\u0443\u0440\u043d\u0430\u044f \u043e\u0431\u0441\u0442\u0430\u043d\u043e\u0432\u043a\u0430 \u043d\u0430 \u0440\u0443\u0431\u0435\u0436\u0435 II-I \u0442\u044b\u0441. \u0434\u043e \u043d.\u044d. \u0432 \u0437\u0430\u043f\u0430\u0434\u043d\u043e\u0441\u0438\u0431\u0438\u0440\u0441\u043a\u043e\u0439 \u043b\u0435\u0441\u043e\u0441\u0442\u0435\u043f\u0438 \u043d\u0430 \u043e\u0441\u043d\u043e\u0432\u0435 \u0430\u043d\u0430\u043b\u0438\u0437\u0430 \u043a\u0435\u0440\u0430\u043c\u0438\u0447\u0435\u0441\u043a\u043e\u0433\u043e \u043a\u043e\u043c\u043f\u043b\u0435\u043a\u0441\u0430 \u043f\u0430\u043c\u044f\u0442\u043d\u0438\u043a\u0430 \u0427\u0438\u0447\u0430-1 [Die kulturellen Verh\u00e4ltnisse an der Wende vom 2. zum 1. Jahrtausend n. Chr. in der westsibirischen Waldsteppe auf der Grundlage der Keramikanalyse von \u010ci\u010da 1]. In: \u042d\u0442\u043d\u043e\u043a\u0443\u043b\u044c\u0442\u0443\u0440\u043d\u044b\u0435 \u043f\u0440\u043e\u0446\u0435\u0441\u0441\u044b \u0432 \u0412\u0435\u0440\u0445\u043d\u0435\u043c \u041f\u0440\u0438\u043e\u0431\u044c\u0435 \u0438 \u0441\u043e\u043f\u0440\u0435\u0434\u0435\u043b\u044c\u043d\u044b\u0445 \u0440\u0435\u0433\u0438\u043e\u043d\u0430\u0445 \u0432 \u043a\u043e\u043d\u0446\u0435 \u044d\u043f\u043e\u0445\u0438 \u0431\u0440\u043e\u043d\u0437\u044b (\u0411\u0430\u0440\u043d\u0430\u0443\u043b 2008) 144-160. Pflugspuren und optisch stimulierte Lumineszenz (OSL) \u2013 M\u00f6glichkeiten und Grenzen. In: G. H. Jeute, J. Schneewei\u00df, C. Theune (Hrsg.), aedificatio terrae. Beitr\u00e4ge zur Umwelt- und Siedlungsarch\u00e4ologie Mitteleuropas. Festschrift f\u00fcr E. Gringmuth-Dallmer (= Internationale Arch\u00e4ologie, Studia honoraria 26), (Rahden\/Westfalen 2007) 325-332. Die Eisenverh\u00fcttung im westlichen Odergebiet. In: E. Gringmuth-Dallmer, L. Leciejewicz (Hrsg.), Forschungen zu Mensch und Umwelt im Odergebiet in ur- und fr\u00fchgeschichtlicher Zeit (= R\u00f6misch-Germanische Forschungen 60). (Mainz 2002) 363-369. Die siedlungsarch\u00e4ologische Kartierung einer Mikroregion. Ein Beispiel f\u00fcr den Einsatz von GIS in der Arch\u00e4ologie. In: B. Biste, R. Hohls (Hrsg.), Fachinformation und EDV-Arbeitstechniken f\u00fcr Historiker. Einf\u00fchrung und Arbeitsbuch (= HSR-Suppl. 12), (K\u00f6ln 2000) 354-365. Der Werder (Mecklenburg) und seine Besiedlung in fr\u00fchgeschichtlicher Zeit. In: K.-D. J\u00e4ger (Hrsg.), Neue Forschungen zur Siedlungsarch\u00e4ologie in Ostdeutschland (= Alteurop\u00e4ische Forschungen 4) (Weissbach 2000) 1-46. Originalarbeiten mit W. Kirleis, M. Wieckowska-L\u00fcth, H. Piezonka, N. Nedomolkina, S. Lorenz, V. Elberfeld, The development of plant use and cultivation in the Sukhona Basin, north-west Russia. In: S. Vanhanen and P. Lageraas (eds.), Archaeobotanical studies of past plant cultivation in northern Europe (Barkhuis Publishing, Groningen 2020) 101-117. mit A. Bartrow, Kirche von unten \u2013 Aktuelle Forschungsergebnisse zur Feldsteinkapelle von Vietze. Hannoversches Wendland 19, 2016\u20132019 (L\u00fcchow 2019) 143\u2013168. \u201cLate Antique Little Ice Age\u201d \u0438 \u0440\u0430\u0441\u043f\u0440\u043e\u0441\u0442\u0440\u0430\u043d\u0435\u043d\u0438\u0435 \u0441\u043b\u0430\u0432\u044f\u043d \u0432 \u0442\u0440\u0435\u0442\u044c\u0435\u0439 \u0447\u0435\u0442\u0432\u0435\u0440\u0442\u0438 I \u0442\u044b\u0441. \u043d. \u044d., \u0423\u0440\u0430\u043b\u044c\u0441\u043a\u0438\u0439 \u0438\u0441\u0442\u043e\u0440\u0438\u0447\u0435\u0441\u043a\u0438\u0439 \u0432\u0435\u0441\u0442\u043d\u0438\u043a \u2116 4 (65), 2019, 52\u201363. mit J. Sikora, P. Kittel u. a., A palaeoenvironmental reconstruction of the rampart construction of the medieval ring-fort in Rozprza, Central Poland, Archaeological and Anthropological Sciences 2019. mit L. S. Shumilovskikh, V. Ye. Rodinkova u. a., Insights into the late Holocene vegetation history of the East European forest-steppe: case study Sudzha (Kursk region, Russia), Vegetation History and Archaeobotany 2019. mit B. Gro\u00dfkopf, G. Bucher, A. Kronz, J. R. Ruppel, L. Shumilovskikh, N. Zornhagen, Alte Sammlungsobjekte \u2013 neue Erkenntnisse. Eine Teremok-Schatulle mit Mumienknochen, G\u00f6ttinger Jahrbuch 66, 2018, 149\u2013172. mit F. Becker, V.I. Molodin, H. Parzinger, Z.V. Marchenko, S.V. Svyatko, Radiocarbon chronology of occupation of the site Chicha and Bayesian statistics for the assessment of a discontinuous transition from Late Bronze to Early Iron Age (West Siberia). Russian Geology and Geophysics 59, 2018, 635\u2013651. mit J. Brandt, Ein neuer Blick auf die \u201eAlte Burg\u201c von Hollenstedt im Lichte aktueller Untersuchungen. Hammaburg N.F. 17, 2017, 71-145. mit K. Struckmeyer, J. Brandt, S. Hesse, D. N\u00f6sler, Arch\u00e4ometrische Untersuchungen s\u00e4chsisch-slawischer Keramik im nord\u00f6stlichen Niedersachsen \u2013 erste Ergebnisse und Perspektiven. Arch\u00e4ologisches Korrespondenzblatt 46, 2016, 517-538. mit F. Becker, Zur absoluten Chronologie der westsibirischen Sp\u00e4tbronze- und fr\u00fchen Eisenzeit. Die \u00dcberpr\u00fcfung der Besiedlungsphasen in \u010ci\u010da mit Bayes\u2019scher Statistik. Pr\u00e4historische Zeitschrift 91 (2), 2016, 431\u2013470. \u0421\u043b\u0430\u0432\u044f\u043d\u0441\u043a\u0430\u044f \u0430\u0440\u0445\u0435\u043e\u043b\u043e\u0433\u0438\u044f \u0432 \u0413\u0435\u0440\u043c\u0430\u043d\u0438\u0438 \u043f\u043e\u0441\u043b\u0435 \u0412\u0442\u043e\u0440\u043e\u0439 \u043c\u0438\u0440\u043e\u0432\u043e\u0439 \u0432\u043e\u0439\u043d\u044b: \u043d\u0430\u0443\u0447\u043d\u0430\u044f \u043d\u0430\u043f\u0440\u0430\u0432\u043b\u0435\u043d\u043d\u043e\u0441\u0442\u044c \u0432\u0447\u0435\u0440\u0430 \u0438 \u0441\u0435\u0433\u043e\u0434\u043d\u044f [Die Arch\u00e4ologie der Slawen in Deutschland nach dem Zweiten Weltkrieg: Wissenschaftliche Ausrichtung gestern und heute]. \u041a\u0440\u0430\u0442\u043a\u0438\u0435 \u0441\u043e\u043e\u0431\u0449\u0435\u043d\u0438\u044f \u0418\u043d\u0441\u0442\u0438\u0442\u0443\u0442\u0430 \u0430\u0440\u0445\u0435\u043e\u043b\u043e\u0433\u0438\u0438 (\u041a\u0421\u0418\u0410) 240, 2015, 71-90. mit K. Wiedner, M. Dippold, B. Glaser, Anthropogenic Dark Earth in Northern Germany \u2013 The Nordic Analogue to...","thumbnail_url":"https:\/\/zbsa.eu\/wp-content\/uploads\/2021\/11\/j_schneeweiss.jpg"}