{"id":6966,"date":"2021-06-07T10:22:17","date_gmt":"2021-06-07T08:22:17","guid":{"rendered":"https:\/\/zbsa.eu\/?post_type=tribe_events&#038;p=6966"},"modified":"2021-08-12T10:23:46","modified_gmt":"2021-08-12T08:23:46","slug":"comparing-human-response-to-the-onset-of-the-holocene-in-northern-germany-and-denmark","status":"publish","type":"tribe_events","link":"https:\/\/zbsa.eu\/en\/event\/comparing-human-response-to-the-onset-of-the-holocene-in-northern-germany-and-denmark\/","title":{"rendered":"Mara-Julia Weber, Berit Valentin Eriksen, Sonja B. Grimm, Daniel Gro\u00df, Sascha Kr\u00fcger, Morten Fischer Mortensen &#038; Markus Wild\/EAA 2021: Comparing human response to the onset of the Holocene in northern Germany and Denmark"},"content":{"rendered":"<p><strong>Mara-Julia Weber, Berit Valentin Eriksen, Sonja B. Grimm, Daniel Gro\u00df, Sascha Kr\u00fcger, Morten Fischer Mortensen &amp; Markus Wild<\/strong><\/p>\n<p>\u201eComparing human response to the onset of the Holocene in northern Germany and Denmark\u201d in Session #462. Assessing the Impact of Major Climatic and\/or Environmental Events on Human Culture and Subsistence<\/p>\n<p>Kiel<\/p>\n","protected":false},"excerpt":{"rendered":"<p>Mara-Julia Weber, Berit Valentin Eriksen, Sonja B. Grimm, Daniel Gro\u00df, Sascha Kr\u00fcger, Morten Fischer Mortensen &amp; Markus Wild \u201eComparing human response to the onset of the Holocene in northern Germany and Denmark\u201d in Session #462. Assessing the Impact of Major Climatic and\/or Environmental Events on Human Culture and Subsistence Kiel<\/p>\n","protected":false},"author":3,"featured_media":0,"comment_status":"closed","ping_status":"closed","template":"","meta":{"_eb_attr":"","inline_featured_image":false,"_tribe_events_status":"","_tribe_events_status_reason":"","footnotes":""},"tags":[],"tribe_events_cat":[71],"class_list":["post-6966","tribe_events","type-tribe_events","status-publish","hentry","tribe_events_cat-vortraege","cat_vortraege"],"yoast_head":"<!-- This site is optimized with the Yoast SEO plugin v24.4 - https:\/\/yoast.com\/wordpress\/plugins\/seo\/ -->\n<title>Mara-Julia Weber, Berit Valentin Eriksen, Sonja B. Grimm, Daniel Gro\u00df, Sascha Kr\u00fcger, Morten Fischer Mortensen &amp; Markus Wild\/EAA 2021: Comparing human response to the onset of the Holocene in northern Germany and Denmark - Zentrum f\u00fcr Baltische und Skandinavische Arch\u00e4ologie (ZBSA) \u2014 Zentrum f\u00fcr Baltische und Skandinavische Arch\u00e4ologie<\/title>\n<meta name=\"robots\" content=\"index, follow, max-snippet:-1, max-image-preview:large, max-video-preview:-1\" \/>\n<link rel=\"canonical\" href=\"https:\/\/zbsa.eu\/en\/event\/comparing-human-response-to-the-onset-of-the-holocene-in-northern-germany-and-denmark\/\" \/>\n<meta property=\"og:locale\" content=\"en_GB\" \/>\n<meta property=\"og:type\" content=\"article\" \/>\n<meta property=\"og:title\" content=\"Mara-Julia Weber, Berit Valentin Eriksen, Sonja B. Grimm, Daniel Gro\u00df, Sascha Kr\u00fcger, Morten Fischer Mortensen &amp; Markus Wild\/EAA 2021: Comparing human response to the onset of the Holocene in northern Germany and Denmark - Zentrum f\u00fcr Baltische und Skandinavische Arch\u00e4ologie (ZBSA) \u2014 Zentrum f\u00fcr Baltische und Skandinavische Arch\u00e4ologie\" \/>\n<meta property=\"og:description\" content=\"Mara-Julia Weber, Berit Valentin Eriksen, Sonja B. Grimm, Daniel Gro\u00df, Sascha Kr\u00fcger, Morten Fischer Mortensen &amp; Markus Wild \u201eComparing human response to the onset of the Holocene in northern Germany and Denmark\u201d in Session #462. Assessing the Impact of Major Climatic and\/or Environmental Events on Human Culture and Subsistence Kiel\" \/>\n<meta property=\"og:url\" content=\"https:\/\/zbsa.eu\/en\/event\/comparing-human-response-to-the-onset-of-the-holocene-in-northern-germany-and-denmark\/\" \/>\n<meta property=\"og:site_name\" content=\"Zentrum f\u00fcr Baltische und Skandinavische Arch\u00e4ologie (ZBSA) \u2014 Zentrum f\u00fcr Baltische und Skandinavische Arch\u00e4ologie\" \/>\n<meta property=\"article:modified_time\" content=\"2021-08-12T08:23:46+00:00\" \/>\n<meta name=\"twitter:card\" content=\"summary_large_image\" \/>\n<meta name=\"twitter:label1\" content=\"Estimated reading time\" \/>\n\t<meta name=\"twitter:data1\" content=\"1 minute\" \/>\n<script type=\"application\/ld+json\" class=\"yoast-schema-graph\">{\"@context\":\"https:\/\/schema.org\",\"@graph\":[{\"@type\":\"WebPage\",\"@id\":\"https:\/\/zbsa.eu\/event\/comparing-human-response-to-the-onset-of-the-holocene-in-northern-germany-and-denmark\/\",\"url\":\"https:\/\/zbsa.eu\/event\/comparing-human-response-to-the-onset-of-the-holocene-in-northern-germany-and-denmark\/\",\"name\":\"Mara-Julia Weber, Berit Valentin Eriksen, Sonja B. Grimm, Daniel Gro\u00df, Sascha Kr\u00fcger, Morten Fischer Mortensen & Markus Wild\/EAA 2021: Comparing human response to the onset of the Holocene in northern Germany and Denmark - Zentrum f\u00fcr Baltische und Skandinavische Arch\u00e4ologie (ZBSA) \u2014 Zentrum f\u00fcr Baltische und Skandinavische Arch\u00e4ologie\",\"isPartOf\":{\"@id\":\"https:\/\/zbsa.eu\/#website\"},\"datePublished\":\"2021-06-07T08:22:17+00:00\",\"dateModified\":\"2021-08-12T08:23:46+00:00\",\"breadcrumb\":{\"@id\":\"https:\/\/zbsa.eu\/event\/comparing-human-response-to-the-onset-of-the-holocene-in-northern-germany-and-denmark\/#breadcrumb\"},\"inLanguage\":\"en-GB\",\"potentialAction\":[{\"@type\":\"ReadAction\",\"target\":[\"https:\/\/zbsa.eu\/event\/comparing-human-response-to-the-onset-of-the-holocene-in-northern-germany-and-denmark\/\"]}]},{\"@type\":\"BreadcrumbList\",\"@id\":\"https:\/\/zbsa.eu\/event\/comparing-human-response-to-the-onset-of-the-holocene-in-northern-germany-and-denmark\/#breadcrumb\",\"itemListElement\":[{\"@type\":\"ListItem\",\"position\":1,\"name\":\"Startseite\",\"item\":\"https:\/\/zbsa.eu\/\"},{\"@type\":\"ListItem\",\"position\":2,\"name\":\"Events\",\"item\":\"https:\/\/zbsa.eu\/en\/events\/\"},{\"@type\":\"ListItem\",\"position\":3,\"name\":\"Vortr\u00e4ge\",\"item\":\"https:\/\/zbsa.eu\/events\/kategorie\/vortraege\/\"},{\"@type\":\"ListItem\",\"position\":4,\"name\":\"Mara-Julia Weber, Berit Valentin Eriksen, Sonja B. Grimm, Daniel Gro\u00df, Sascha Kr\u00fcger, Morten Fischer Mortensen &#038; Markus Wild\/EAA 2021: Comparing human response to the onset of the Holocene in northern Germany and Denmark\"}]},{\"@type\":\"WebSite\",\"@id\":\"https:\/\/zbsa.eu\/#website\",\"url\":\"https:\/\/zbsa.eu\/\",\"name\":\"Zentrum f\u00fcr Baltische und Skandinavische Arch\u00e4ologie (ZBSA) \u2014 Zentrum f\u00fcr Baltische und Skandinavische Arch\u00e4ologie\",\"description\":\"\",\"potentialAction\":[{\"@type\":\"SearchAction\",\"target\":{\"@type\":\"EntryPoint\",\"urlTemplate\":\"https:\/\/zbsa.eu\/?s={search_term_string}\"},\"query-input\":{\"@type\":\"PropertyValueSpecification\",\"valueRequired\":true,\"valueName\":\"search_term_string\"}}],\"inLanguage\":\"en-GB\"}]}<\/script>\n<!-- \/ Yoast SEO plugin. -->","yoast_head_json":{"title":"Mara-Julia Weber, Berit Valentin Eriksen, Sonja B. Grimm, Daniel Gro\u00df, Sascha Kr\u00fcger, Morten Fischer Mortensen & Markus Wild\/EAA 2021: Comparing human response to the onset of the Holocene in northern Germany and Denmark - Zentrum f\u00fcr Baltische und Skandinavische Arch\u00e4ologie (ZBSA) \u2014 Zentrum f\u00fcr Baltische und Skandinavische Arch\u00e4ologie","robots":{"index":"index","follow":"follow","max-snippet":"max-snippet:-1","max-image-preview":"max-image-preview:large","max-video-preview":"max-video-preview:-1"},"canonical":"https:\/\/zbsa.eu\/en\/event\/comparing-human-response-to-the-onset-of-the-holocene-in-northern-germany-and-denmark\/","og_locale":"en_GB","og_type":"article","og_title":"Mara-Julia Weber, Berit Valentin Eriksen, Sonja B. Grimm, Daniel Gro\u00df, Sascha Kr\u00fcger, Morten Fischer Mortensen & Markus Wild\/EAA 2021: Comparing human response to the onset of the Holocene in northern Germany and Denmark - Zentrum f\u00fcr Baltische und Skandinavische Arch\u00e4ologie (ZBSA) \u2014 Zentrum f\u00fcr Baltische und Skandinavische Arch\u00e4ologie","og_description":"Mara-Julia Weber, Berit Valentin Eriksen, Sonja B. Grimm, Daniel Gro\u00df, Sascha Kr\u00fcger, Morten Fischer Mortensen &amp; Markus Wild \u201eComparing human response to the onset of the Holocene in northern Germany and Denmark\u201d in Session #462. Assessing the Impact of Major Climatic and\/or Environmental Events on Human Culture and Subsistence Kiel","og_url":"https:\/\/zbsa.eu\/en\/event\/comparing-human-response-to-the-onset-of-the-holocene-in-northern-germany-and-denmark\/","og_site_name":"Zentrum f\u00fcr Baltische und Skandinavische Arch\u00e4ologie (ZBSA) \u2014 Zentrum f\u00fcr Baltische und Skandinavische Arch\u00e4ologie","article_modified_time":"2021-08-12T08:23:46+00:00","twitter_card":"summary_large_image","twitter_misc":{"Estimated reading time":"1 minute"},"schema":{"@context":"https:\/\/schema.org","@graph":[{"@type":"WebPage","@id":"https:\/\/zbsa.eu\/event\/comparing-human-response-to-the-onset-of-the-holocene-in-northern-germany-and-denmark\/","url":"https:\/\/zbsa.eu\/event\/comparing-human-response-to-the-onset-of-the-holocene-in-northern-germany-and-denmark\/","name":"Mara-Julia Weber, Berit Valentin Eriksen, Sonja B. Grimm, Daniel Gro\u00df, Sascha Kr\u00fcger, Morten Fischer Mortensen & Markus Wild\/EAA 2021: Comparing human response to the onset of the Holocene in northern Germany and Denmark - Zentrum f\u00fcr Baltische und Skandinavische Arch\u00e4ologie (ZBSA) \u2014 Zentrum f\u00fcr Baltische und Skandinavische Arch\u00e4ologie","isPartOf":{"@id":"https:\/\/zbsa.eu\/#website"},"datePublished":"2021-06-07T08:22:17+00:00","dateModified":"2021-08-12T08:23:46+00:00","breadcrumb":{"@id":"https:\/\/zbsa.eu\/event\/comparing-human-response-to-the-onset-of-the-holocene-in-northern-germany-and-denmark\/#breadcrumb"},"inLanguage":"en-GB","potentialAction":[{"@type":"ReadAction","target":["https:\/\/zbsa.eu\/event\/comparing-human-response-to-the-onset-of-the-holocene-in-northern-germany-and-denmark\/"]}]},{"@type":"BreadcrumbList","@id":"https:\/\/zbsa.eu\/event\/comparing-human-response-to-the-onset-of-the-holocene-in-northern-germany-and-denmark\/#breadcrumb","itemListElement":[{"@type":"ListItem","position":1,"name":"Startseite","item":"https:\/\/zbsa.eu\/"},{"@type":"ListItem","position":2,"name":"Events","item":"https:\/\/zbsa.eu\/en\/events\/"},{"@type":"ListItem","position":3,"name":"Vortr\u00e4ge","item":"https:\/\/zbsa.eu\/events\/kategorie\/vortraege\/"},{"@type":"ListItem","position":4,"name":"Mara-Julia Weber, Berit Valentin Eriksen, Sonja B. Grimm, Daniel Gro\u00df, Sascha Kr\u00fcger, Morten Fischer Mortensen &#038; Markus Wild\/EAA 2021: Comparing human response to the onset of the Holocene in northern Germany and Denmark"}]},{"@type":"WebSite","@id":"https:\/\/zbsa.eu\/#website","url":"https:\/\/zbsa.eu\/","name":"Zentrum f\u00fcr Baltische und Skandinavische Arch\u00e4ologie (ZBSA) \u2014 Zentrum f\u00fcr Baltische und Skandinavische Arch\u00e4ologie","description":"","potentialAction":[{"@type":"SearchAction","target":{"@type":"EntryPoint","urlTemplate":"https:\/\/zbsa.eu\/?s={search_term_string}"},"query-input":{"@type":"PropertyValueSpecification","valueRequired":true,"valueName":"search_term_string"}}],"inLanguage":"en-GB"}]}},"acf":[],"_links":{"self":[{"href":"https:\/\/zbsa.eu\/en\/wp-json\/wp\/v2\/tribe_events\/6966","targetHints":{"allow":["GET"]}}],"collection":[{"href":"https:\/\/zbsa.eu\/en\/wp-json\/wp\/v2\/tribe_events"}],"about":[{"href":"https:\/\/zbsa.eu\/en\/wp-json\/wp\/v2\/types\/tribe_events"}],"author":[{"embeddable":true,"href":"https:\/\/zbsa.eu\/en\/wp-json\/wp\/v2\/users\/3"}],"replies":[{"embeddable":true,"href":"https:\/\/zbsa.eu\/en\/wp-json\/wp\/v2\/comments?post=6966"}],"version-history":[{"count":2,"href":"https:\/\/zbsa.eu\/en\/wp-json\/wp\/v2\/tribe_events\/6966\/revisions"}],"predecessor-version":[{"id":7235,"href":"https:\/\/zbsa.eu\/en\/wp-json\/wp\/v2\/tribe_events\/6966\/revisions\/7235"}],"wp:attachment":[{"href":"https:\/\/zbsa.eu\/en\/wp-json\/wp\/v2\/media?parent=6966"}],"wp:term":[{"taxonomy":"post_tag","embeddable":true,"href":"https:\/\/zbsa.eu\/en\/wp-json\/wp\/v2\/tags?post=6966"},{"taxonomy":"tribe_events_cat","embeddable":true,"href":"https:\/\/zbsa.eu\/en\/wp-json\/wp\/v2\/tribe_events_cat?post=6966"}],"curies":[{"name":"wp","href":"https:\/\/api.w.org\/{rel}","templated":true}]}}